{"id":9186,"date":"2019-12-12T09:12:17","date_gmt":"2019-12-12T09:12:17","guid":{"rendered":"http:\/\/thermacote.eu\/case-study\/dachy-przyczep-zwiekszajace-chlodzenie-oszczedzajace-produkt-i-zmniejszajace-zuzycie-paliwa\/"},"modified":"2019-12-12T09:12:17","modified_gmt":"2019-12-12T09:12:17","slug":"dachy-przyczep-zwiekszajace-chlodzenie-oszczedzajace-produkt-i-zmniejszajace-zuzycie-paliwa","status":"publish","type":"case-study","link":"https:\/\/thermacote.eu\/pl\/case-study\/dachy-przyczep-zwiekszajace-chlodzenie-oszczedzajace-produkt-i-zmniejszajace-zuzycie-paliwa\/","title":{"rendered":"Dachy przyczep zwi\u0119kszaj\u0105ce ch\u0142odzenie, oszcz\u0119dzaj\u0105ce produkt i zmniejszaj\u0105ce zu\u017cycie paliwa"},"template":"","application-type":[],"_edit_last":"","_edit_lock":"","_elementor_controls_usage":[],"wpcf-main-image":"http:\/\/thermacote.eu\/wp-content\/uploads\/2019\/11\/ThermaCote_roof_trailer_1540312912477.jpg","_views_template":"0","_wpml_word_count":"{\"total\":0,\"to_translate\":{\"da\":20,\"nl\":20,\"en\":20,\"fi\":20,\"fr\":20,\"de\":20,\"pl\":20,\"es\":20,\"sv\":20}}","wpcf-gallerie":"http:\/\/thermacote.eu\/wp-content\/uploads\/2019\/11\/ThermaCote_roof_trailer_1540312912477.jpg","_wpcf-gallerie-sort-order":"","_wpml_media_duplicate":"","_wpml_media_featured":"","_top_nav_excluded":"","_cms_nav_minihome":"","_alp_processed":"","_last_translation_edit_mode":"","yoast_head":"<!-- This site is optimized with the Yoast SEO plugin v15.9.1 - https:\/\/yoast.com\/wordpress\/plugins\/seo\/ -->\n<title>Dachy przyczep zwi\u0119kszaj\u0105ce ch\u0142odzenie, oszcz\u0119dzaj\u0105ce produkt i zmniejszaj\u0105ce zu\u017cycie paliwa | ThermaCote Europe<\/title>\n<link rel=\"canonical\" href=\"https:\/\/thermacote.eu\/pl\/case-study\/dachy-przyczep-zwiekszajace-chlodzenie-oszczedzajace-produkt-i-zmniejszajace-zuzycie-paliwa\/\" \/>\n<meta property=\"og:locale\" content=\"pl_PL\" \/>\n<meta property=\"og:type\" content=\"article\" \/>\n<meta property=\"og:title\" content=\"Dachy przyczep zwi\u0119kszaj\u0105ce ch\u0142odzenie, oszcz\u0119dzaj\u0105ce produkt i zmniejszaj\u0105ce zu\u017cycie paliwa | ThermaCote Europe\" \/>\n<meta property=\"og:url\" content=\"https:\/\/thermacote.eu\/pl\/case-study\/dachy-przyczep-zwiekszajace-chlodzenie-oszczedzajace-produkt-i-zmniejszajace-zuzycie-paliwa\/\" \/>\n<meta property=\"og:site_name\" content=\"ThermaCote Europe\" \/>\n<meta property=\"article:publisher\" content=\"https:\/\/www.facebook.com\/ThermaCote.Europe\/?ref=br_rs\" \/>\n<meta name=\"twitter:card\" content=\"summary_large_image\" \/>\n<meta name=\"twitter:site\" content=\"@thermacotefr\" \/>\n<script type=\"application\/ld+json\" class=\"yoast-schema-graph\">{\"@context\":\"https:\/\/schema.org\",\"@graph\":[{\"@type\":\"Organization\",\"@id\":\"https:\/\/thermacote.eu\/#organization\",\"name\":\"ThermaCote Europe\",\"url\":\"https:\/\/thermacote.eu\/\",\"sameAs\":[\"https:\/\/www.facebook.com\/ThermaCote.Europe\/?ref=br_rs\",\"https:\/\/www.linkedin.com\/company\/thermacote-europe\/\",\"https:\/\/twitter.com\/thermacotefr\"],\"logo\":{\"@type\":\"ImageObject\",\"@id\":\"https:\/\/thermacote.eu\/#logo\",\"inLanguage\":\"pl-PL\",\"url\":\"https:\/\/thermacote.eu\/wp-content\/uploads\/2019\/11\/logo-full.png\",\"width\":1535,\"height\":242,\"caption\":\"ThermaCote Europe\"},\"image\":{\"@id\":\"https:\/\/thermacote.eu\/#logo\"}},{\"@type\":\"WebSite\",\"@id\":\"https:\/\/thermacote.eu\/#website\",\"url\":\"https:\/\/thermacote.eu\/\",\"name\":\"ThermaCote Europe\",\"description\":\"ThermaCote Europe\",\"publisher\":{\"@id\":\"https:\/\/thermacote.eu\/#organization\"},\"potentialAction\":[{\"@type\":\"SearchAction\",\"target\":\"https:\/\/thermacote.eu\/?s={search_term_string}\",\"query-input\":\"required name=search_term_string\"}],\"inLanguage\":\"pl-PL\"},{\"@type\":\"WebPage\",\"@id\":\"https:\/\/thermacote.eu\/pl\/case-study\/dachy-przyczep-zwiekszajace-chlodzenie-oszczedzajace-produkt-i-zmniejszajace-zuzycie-paliwa\/#webpage\",\"url\":\"https:\/\/thermacote.eu\/pl\/case-study\/dachy-przyczep-zwiekszajace-chlodzenie-oszczedzajace-produkt-i-zmniejszajace-zuzycie-paliwa\/\",\"name\":\"Dachy przyczep zwi\\u0119kszaj\\u0105ce ch\\u0142odzenie, oszcz\\u0119dzaj\\u0105ce produkt i zmniejszaj\\u0105ce zu\\u017cycie paliwa | ThermaCote Europe\",\"isPartOf\":{\"@id\":\"https:\/\/thermacote.eu\/#website\"},\"datePublished\":\"2019-12-12T09:12:17+00:00\",\"dateModified\":\"2019-12-12T09:12:17+00:00\",\"breadcrumb\":{\"@id\":\"https:\/\/thermacote.eu\/pl\/case-study\/dachy-przyczep-zwiekszajace-chlodzenie-oszczedzajace-produkt-i-zmniejszajace-zuzycie-paliwa\/#breadcrumb\"},\"inLanguage\":\"pl-PL\",\"potentialAction\":[{\"@type\":\"ReadAction\",\"target\":[\"https:\/\/thermacote.eu\/pl\/case-study\/dachy-przyczep-zwiekszajace-chlodzenie-oszczedzajace-produkt-i-zmniejszajace-zuzycie-paliwa\/\"]}]},{\"@type\":\"BreadcrumbList\",\"@id\":\"https:\/\/thermacote.eu\/pl\/case-study\/dachy-przyczep-zwiekszajace-chlodzenie-oszczedzajace-produkt-i-zmniejszajace-zuzycie-paliwa\/#breadcrumb\",\"itemListElement\":[{\"@type\":\"ListItem\",\"position\":1,\"item\":{\"@type\":\"WebPage\",\"@id\":\"https:\/\/thermacote.eu\/pl\/\",\"url\":\"https:\/\/thermacote.eu\/pl\/\",\"name\":\"Home\"}},{\"@type\":\"ListItem\",\"position\":2,\"item\":{\"@type\":\"WebPage\",\"@id\":\"https:\/\/thermacote.eu\/pl\/case-study\/\",\"url\":\"https:\/\/thermacote.eu\/pl\/case-study\/\",\"name\":\"Case studies\"}},{\"@type\":\"ListItem\",\"position\":3,\"item\":{\"@type\":\"WebPage\",\"@id\":\"https:\/\/thermacote.eu\/pl\/case-study\/dachy-przyczep-zwiekszajace-chlodzenie-oszczedzajace-produkt-i-zmniejszajace-zuzycie-paliwa\/\",\"url\":\"https:\/\/thermacote.eu\/pl\/case-study\/dachy-przyczep-zwiekszajace-chlodzenie-oszczedzajace-produkt-i-zmniejszajace-zuzycie-paliwa\/\",\"name\":\"Dachy przyczep zwi\\u0119kszaj\\u0105ce ch\\u0142odzenie, oszcz\\u0119dzaj\\u0105ce produkt i zmniejszaj\\u0105ce zu\\u017cycie paliwa\"}}]}]}<\/script>\n<!-- \/ Yoast SEO plugin. -->","toolset-meta":{"case-studies-custom-fields":{"main-image":{"type":"image","raw":"http:\/\/thermacote.eu\/wp-content\/uploads\/2019\/11\/ThermaCote_roof_trailer_1540312912477.jpg","attachment_id":4201},"gallerie":{"type":"image","raw":["http:\/\/thermacote.eu\/wp-content\/uploads\/2019\/11\/ThermaCote_roof_trailer_1540312912477.jpg"],"repeatable":[{"raw":"http:\/\/thermacote.eu\/wp-content\/uploads\/2019\/11\/ThermaCote_roof_trailer_1540312912477.jpg","attachment_id":4201}]},"description":{"type":"wysiwyg","raw":"Badania temperatury przeprowadzono na przyczepie 573 przed i po na\u0142o\u017ceniu 40 Mils ThermaCote na dach przyczepy. Badanie przeprowadzono w celu okre\u015blenia korzy\u015bci z pokrycia dach\u00f3w przyczep w celu zwi\u0119kszenia ch\u0142odzenia, w zwi\u0105zku z tym oszcz\u0119dno\u015b\u0107 produktu i zmniejszenie zu\u017cycia paliwa.\n\nNiepowlekana G\u00f3ra dachu osi\u0105gn\u0119\u0142a temperatur\u0119 170 \u00b0F\/76.66 \u00b0C. Powlekana G\u00f3ra dachu osi\u0105gn\u0119\u0142a temperatur\u0119 84 \u00b0F\/28.89 \u00b0C\n\nPowleczona przyczepa osi\u0105gn\u0119\u0142a zero stopni 26% szybciej ni\u017c niepowlekana przyczepa.\n\nPowlekana przyczepa wykorzysta 41% mniej paliwa dla ca\u0142ego badania"},"documentations":{"type":"file","raw":[],"repeatable":[]}}},"meta_box":[],"_links":{"self":[{"href":"https:\/\/thermacote.eu\/pl\/wp-json\/wp\/v2\/case-study\/9186"}],"collection":[{"href":"https:\/\/thermacote.eu\/pl\/wp-json\/wp\/v2\/case-study"}],"about":[{"href":"https:\/\/thermacote.eu\/pl\/wp-json\/wp\/v2\/types\/case-study"}],"wp:attachment":[{"href":"https:\/\/thermacote.eu\/pl\/wp-json\/wp\/v2\/media?parent=9186"}],"wp:term":[{"taxonomy":"application-type","embeddable":true,"href":"https:\/\/thermacote.eu\/pl\/wp-json\/wp\/v2\/application-type?post=9186"}],"curies":[{"name":"wp","href":"https:\/\/api.w.org\/{rel}","templated":true}]}}